{"id":6,"date":"2026-05-03T12:19:15","date_gmt":"2026-05-03T12:19:15","guid":{"rendered":"https:\/\/test.tedem.fr\/?page_id=6"},"modified":"2026-05-03T14:17:49","modified_gmt":"2026-05-03T14:17:49","slug":"a-propos","status":"publish","type":"page","link":"https:\/\/test.tedem.fr\/index.php\/a-propos\/","title":{"rendered":"A propos"},"content":{"rendered":"\n<h2 class=\"wp-block-heading\"><strong>INFINI by TEDEM<\/strong><\/h2>\n\n\n\n<h3 class=\"wp-block-heading\">La r\u00e9g\u00e9n\u00e9ration de barriques, sans compromis.<\/h3>\n\n\n\n<p>Chez TEDEM, nous avons d\u00e9velopp\u00e9 une m\u00e9thode brevet\u00e9e de r\u00e9g\u00e9n\u00e9ration des barriques, capable de redonner vie au bois sans rabotage, sans soufre r\u00e9siduel et dans le respect total de vos profils d\u2019\u00e9levage.<\/p>\n\n\n\n<p>Notre approche thermo-oxydative permet :<\/p>\n\n\n\n<ul class=\"wp-block-list\">\n<li>d\u2019\u00e9liminer les d\u00e9fauts li\u00e9s au vieux bois<\/li>\n\n\n\n<li>de pr\u00e9server la structure du ch\u00eane<\/li>\n\n\n\n<li>de prolonger la dur\u00e9e de vie des barriques<\/li>\n\n\n\n<li>de ma\u00eetriser pr\u00e9cis\u00e9ment l\u2019impact aromatique<\/li>\n<\/ul>\n\n\n\n<hr class=\"wp-block-separator has-alpha-channel-opacity\"\/>\n\n\n\n<h2 class=\"wp-block-heading\"> <strong>Un accompagnement sur mesure<\/strong><\/h2>\n\n\n\n<p>Chaque chai est unique.<\/p>\n\n\n\n<p>Nous analysons avec vous :<\/p>\n\n\n\n<ul class=\"wp-block-list\">\n<li>vos profils de vin ou de spiritueux<\/li>\n\n\n\n<li>vos contraintes techniques<\/li>\n\n\n\n<li>vos objectifs d\u2019\u00e9levage<\/li>\n<\/ul>\n\n\n\n<p>afin de proposer une solution adapt\u00e9e, performante et durable.<\/p>\n\n\n\n<hr class=\"wp-block-separator has-alpha-channel-opacity\"\/>\n\n\n\n<h2 class=\"wp-block-heading\"><strong> Une d\u00e9marche responsable<\/strong><\/h2>\n\n\n\n<p>Prolonger la vie des barriques, c\u2019est aussi :<\/p>\n\n\n\n<ul class=\"wp-block-list\">\n<li>r\u00e9duire l\u2019impact environnemental<\/li>\n\n\n\n<li>pr\u00e9server la ressource en ch\u00eane<\/li>\n\n\n\n<li>optimiser vos investissements<\/li>\n<\/ul>\n\n\n\n<hr class=\"wp-block-separator has-alpha-channel-opacity\"\/>\n\n\n\n<h2 class=\"wp-block-heading\">\ud83d\udcde Parlons de votre chai<\/h2>\n\n\n\n<p>Contactez-nous pour \u00e9tudier ensemble vos besoins et tester la m\u00e9thode INFINI by TEDEM sur vos barriques.<\/p>\n","protected":false},"excerpt":{"rendered":"<p>INFINI by TEDEM La r\u00e9g\u00e9n\u00e9ration de barriques, sans compromis. Chez TEDEM, nous avons d\u00e9velopp\u00e9 une m\u00e9thode brevet\u00e9e de r\u00e9g\u00e9n\u00e9ration des barriques, capable de redonner vie au bois sans rabotage, sans soufre r\u00e9siduel et dans le respect total de vos profils d\u2019\u00e9levage. Notre approche thermo-oxydative permet : Un accompagnement sur mesure Chaque chai est unique. Nous [&hellip;]<\/p>\n","protected":false},"author":1,"featured_media":0,"parent":0,"menu_order":0,"comment_status":"closed","ping_status":"closed","template":"","meta":{"footnotes":""},"class_list":["post-6","page","type-page","status-publish","hentry"],"_links":{"self":[{"href":"https:\/\/test.tedem.fr\/index.php\/wp-json\/wp\/v2\/pages\/6","targetHints":{"allow":["GET"]}}],"collection":[{"href":"https:\/\/test.tedem.fr\/index.php\/wp-json\/wp\/v2\/pages"}],"about":[{"href":"https:\/\/test.tedem.fr\/index.php\/wp-json\/wp\/v2\/types\/page"}],"author":[{"embeddable":true,"href":"https:\/\/test.tedem.fr\/index.php\/wp-json\/wp\/v2\/users\/1"}],"replies":[{"embeddable":true,"href":"https:\/\/test.tedem.fr\/index.php\/wp-json\/wp\/v2\/comments?post=6"}],"version-history":[{"count":2,"href":"https:\/\/test.tedem.fr\/index.php\/wp-json\/wp\/v2\/pages\/6\/revisions"}],"predecessor-version":[{"id":38,"href":"https:\/\/test.tedem.fr\/index.php\/wp-json\/wp\/v2\/pages\/6\/revisions\/38"}],"wp:attachment":[{"href":"https:\/\/test.tedem.fr\/index.php\/wp-json\/wp\/v2\/media?parent=6"}],"curies":[{"name":"wp","href":"https:\/\/api.w.org\/{rel}","templated":true}]}}